{"id":709,"date":"2021-10-13T16:29:45","date_gmt":"2021-10-13T19:29:45","guid":{"rendered":"https:\/\/comunitariachile.org\/web\/?page_id=709"},"modified":"2022-01-12T01:35:05","modified_gmt":"2022-01-12T04:35:05","slug":"2do-congreso-nacional","status":"publish","type":"page","link":"https:\/\/comunitariachile.org\/web\/2do-congreso-nacional\/","title":{"rendered":"2do Congreso Nacional"},"content":{"rendered":"<p>[vc_section bklyn_section_anchor_id=\u00bbprograma\u00bb][vc_row][vc_column]<div class=\"wpb_content_element \"><style type=\"text\/css\">#ut_header_69f56e2f0ffe2 h1.page-title, #ut_header_69f56e2f0ffe2 h1.page-title span { color:#fdd37f; }#ut_header_69f56e2f0ffe2 h1.page-title{ font-family: \"Poppins\";font-weight:300;font-style:normal; }#ut_header_69f56e2f0ffe2 h1.page-title { font-size:45px !important; }#ut_header_69f56e2f0ffe2.pt-style-2 .page-title span:after, #ut_header_69f56e2f0ffe2.pt-style-2 .parallax-title span:after, #ut_header_69f56e2f0ffe2.pt-style-2 .section-title span:after { background-color:#fdd37f !important;}<\/style><header id=\"ut_header_69f56e2f0ffe2\" class=\"page-header page-title-module  ut-no-title-linebreak-mobile ut-no-lead-linebreak-mobile pt-style-2 header-center header-tablet-center header-mobile-center\"><h1 data-title=\"Programa\" data-effect=\"fadeInUp\" data-animateonce=\"yes\" data-delay=\"0\" data-responsive-font=\"page_title\" data-responsive-font-settings=\"{&quot;base-font-size&quot;:&quot;global&quot;,&quot;font-size&quot;:{&quot;desktop_large&quot;:&quot;45&quot;},&quot;base-line-height&quot;:&quot;global&quot;,&quot;base-letter-spacing&quot;:&quot;global&quot;}\" class=\"page-title ut-animate-element animated ut-no-animation-tablet ut-no-animation-mobile \"><span>Programa<\/span><\/h1><\/header><\/div>[\/vc_column][\/vc_row][vc_row][vc_column width=\u00bb1\/4&#8243;]<style type=\"text\/css\">#bklyn_btn_69f56e2f5a8cd .bklyn-btn { color:#ffffff !important; border-radius:50px !important; background-color:#c66e48 !important; }#bklyn_btn_69f56e2f5a8cd .bklyn-btn:hover{ color:#565656 !important; background-color:rgba(198, 110, 72, 0.25) !important; }#bklyn_btn_69f56e2f5a8cd .bklyn-btn:focus{ color:#565656 !important; background-color:rgba(198, 110, 72, 0.25) !important; }#bklyn_btn_69f56e2f5a8cd .bklyn-btn:active { color:#565656 !important; background-color:rgba(198, 110, 72, 0.25) !important; }<\/style><div id=\"bklyn_btn_69f56e2f5a8cd\" class=\"bklyn-btn-holder  bklyn-btn-center bklyn-btn-tablet-center bklyn-btn-mobile-center\"><a title=\"\"   href=\"https:\/\/comunitariachile.org\/web\/wp-content\/uploads\/2022\/01\/prog_12.pdf\" target=\" _blank\" class=\"bklyn-btn bklyn-btn-shadow bklyn-btn-normal\" ><span class=\"ut-btn-text\">Descargar Programa Mi\u00e9rcoles 12<\/span><\/a><\/div>[\/vc_column][vc_column width=\u00bb1\/4&#8243;]<style type=\"text\/css\">#bklyn_btn_69f56e2f5a9e4 .bklyn-btn { color:#ffffff !important; border-radius:50px !important; background-color:#bf9040 !important; }#bklyn_btn_69f56e2f5a9e4 .bklyn-btn:hover{ color:#565656 !important; background-color:rgba(191, 144, 64, 0.25) !important; }#bklyn_btn_69f56e2f5a9e4 .bklyn-btn:focus{ color:#565656 !important; background-color:rgba(191, 144, 64, 0.25) !important; }#bklyn_btn_69f56e2f5a9e4 .bklyn-btn:active { color:#565656 !important; background-color:rgba(191, 144, 64, 0.25) !important; }<\/style><div id=\"bklyn_btn_69f56e2f5a9e4\" class=\"bklyn-btn-holder  bklyn-btn-center bklyn-btn-tablet-center bklyn-btn-mobile-center\"><a title=\"\"   href=\"https:\/\/comunitariachile.org\/web\/wp-content\/uploads\/2022\/01\/prog_13.pdf\" target=\" _blank\" class=\"bklyn-btn bklyn-btn-shadow bklyn-btn-normal\" ><span class=\"ut-btn-text\">Descargar Programa Jueves 13<\/span><\/a><\/div>[\/vc_column][vc_column width=\u00bb1\/4&#8243;]<style type=\"text\/css\">#bklyn_btn_69f56e2f5aa77 .bklyn-btn { color:#ffffff !important; border-radius:50px !important; background-color:#679058 !important; }#bklyn_btn_69f56e2f5aa77 .bklyn-btn:hover{ color:#565656 !important; background-color:rgba(103, 144, 88, 0.25) !important; }#bklyn_btn_69f56e2f5aa77 .bklyn-btn:focus{ color:#565656 !important; background-color:rgba(103, 144, 88, 0.25) !important; }#bklyn_btn_69f56e2f5aa77 .bklyn-btn:active { color:#565656 !important; background-color:rgba(103, 144, 88, 0.25) !important; }<\/style><div id=\"bklyn_btn_69f56e2f5aa77\" class=\"bklyn-btn-holder  bklyn-btn-center bklyn-btn-tablet-center bklyn-btn-mobile-center\"><a title=\"\"   href=\"https:\/\/comunitariachile.org\/web\/wp-content\/uploads\/2022\/01\/prog_14.pdf\" target=\" _blank\" class=\"bklyn-btn bklyn-btn-shadow bklyn-btn-normal\" ><span class=\"ut-btn-text\">Descargar Programa Viernes 14<\/span><\/a><\/div>[\/vc_column][vc_column width=\u00bb1\/4&#8243;]<style type=\"text\/css\">#bklyn_btn_69f56e2f5aafe .bklyn-btn { color:#ffffff !important; border-radius:50px !important; background-color:#8f856a !important; }#bklyn_btn_69f56e2f5aafe .bklyn-btn:hover{ color:#565656 !important; background-color:rgba(143, 133, 106, 0.25) !important; }#bklyn_btn_69f56e2f5aafe .bklyn-btn:focus{ color:#565656 !important; background-color:rgba(143, 133, 106, 0.25) !important; }#bklyn_btn_69f56e2f5aafe .bklyn-btn:active { color:#565656 !important; background-color:rgba(143, 133, 106, 0.25) !important; }<\/style><div id=\"bklyn_btn_69f56e2f5aafe\" class=\"bklyn-btn-holder  bklyn-btn-center bklyn-btn-tablet-center bklyn-btn-mobile-center\"><a title=\"\"   href=\"https:\/\/comunitariachile.org\/web\/wp-content\/uploads\/2022\/01\/prog_15.pdf\" target=\" _blank\" class=\"bklyn-btn bklyn-btn-shadow bklyn-btn-normal\" ><span class=\"ut-btn-text\">Descargar Programa S\u00e1bado 15<\/span><\/a><\/div>[\/vc_column][\/vc_row][\/vc_section][vc_section][vc_row][vc_column]<div class=\"wpb_content_element \"><style type=\"text\/css\">#ut_header_69f56e2f5afa6 h1.page-title, #ut_header_69f56e2f5afa6 h1.page-title span { color:#fdd37f; }#ut_header_69f56e2f5afa6 h1.page-title{ font-family: \"Poppins\";font-weight:300;font-style:normal; }#ut_header_69f56e2f5afa6 h1.page-title { font-size:45px !important; }#ut_header_69f56e2f5afa6.page-title-module .lead { color:#a5a5a5; }#ut_header_69f56e2f5afa6.page-title-module .lead p { color:#a5a5a5; }#ut_header_69f56e2f5afa6.pt-style-2 .page-title span:after, #ut_header_69f56e2f5afa6.pt-style-2 .parallax-title span:after, #ut_header_69f56e2f5afa6.pt-style-2 .section-title span:after { background-color:#fdd37f !important;}<\/style><header id=\"ut_header_69f56e2f5afa6\" class=\"page-header page-title-module  ut-no-title-linebreak-mobile ut-no-lead-linebreak-mobile pt-style-2 header-center header-tablet-center header-mobile-center\"><h1 data-title=\"\u00a1Bienvenid@s!&#13;&#10;2\u00ba Congreso de Psicolog\u00eda Comunitaria\" data-effect=\"fadeInUp\" data-animateonce=\"yes\" data-delay=\"0\" data-responsive-font=\"page_title\" data-responsive-font-settings=\"{&quot;base-font-size&quot;:&quot;global&quot;,&quot;font-size&quot;:{&quot;desktop_large&quot;:&quot;45&quot;},&quot;base-line-height&quot;:&quot;global&quot;,&quot;base-letter-spacing&quot;:&quot;global&quot;}\" class=\"page-title ut-animate-element animated ut-no-animation-tablet ut-no-animation-mobile title-with-linebreak \"><span>\u00a1Bienvenid@s!<br \/>\n2\u00ba Congreso de Psicolog\u00eda Comunitaria<\/span><\/h1><div data-effect=\"fadeInUp\" data-animateonce=\"yes\" data-delay=\"0\" class=\"lead ut-animate-element animated ut-no-animation-tablet ut-no-animation-mobile title-with-linebreak\"><p>Comunidades, Cuerpos y Territorios en una Sociedad Postneoliberal<\/p>\n<\/div><\/header><\/div>[\/vc_column][\/vc_row][vc_row][vc_column width=\u00bb1\/2&#8243;][vc_column_text]El 2\u00b0 Congreso de la Sociedad Chilena de Psicolog\u00eda Comunitaria, es un encuentro que busca el di\u00e1logo entre diversos actores del mundo pol\u00edtico, social, acad\u00e9mico, disciplinar a nivel local y nacional. Ello en el marco del estallido social y la presi\u00f3n de los movimientos sociales que se produjeron en el pa\u00eds en octubre de 2019, y la crisis sanitaria por el COVID-19.<\/p>\n<p>Reuni\u00f3n que tiene como prop\u00f3sito estimular el tr\u00e1nsito hacia una sociedad postneoliberal, en el contexto de la refundaci\u00f3n de la constituci\u00f3n desarrollada por la Convenci\u00f3n (Asamblea) Constituyente. Se invita entonces, a estudiantes, profesionales, organizaciones sociales, equipos de acci\u00f3n y de investigaci\u00f3n a ser parte de la creatividad y la audacia que requiere hoy nuestra sociedad, mediada por el debate colectivo a instalar desde este 2\u00b0 Congreso de Psicolog\u00eda Comunitaria.[\/vc_column_text][\/vc_column][vc_column width=\u00bb1\/2&#8243;]<div  class=\"wpb_content_element   clearfix\"><style type=\"text\/css\">#ut_am_69f56e2fa4599 { opacity: 1; }#ut_am_wrap_69f56e2fa459b .ut-image-gallery-item-caption-title h3 { letter-spacing: 0em; }#ut_am_wrap_69f56e2fa459b .ut-gallery-slider-caption { font-weight: bold; }#ut_am_wrap_69f56e2fa459b { text-align: left; }@media (min-width: 768px) and (max-width: 1024px) { #ut_am_wrap_69f56e2fa459b { text-align: left !important; } }@media (max-width: 767px) { #ut_am_wrap_69f56e2fa459b { text-align: center !important; } }<\/style><div id=\"ut_am_wrap_69f56e2fa459b\" class=\"ut-image-gallery-image \"><div id=\"ut_reveal_69f56e2fa459c\"  data-appear-top-offset=\"auto\" class=\"ut-animated-image-item ut-image-gallery-item ut-animation-done \"><a class=\"ut-deactivated-link\" href=\"#\"><div class=\"ut-box-shadow-container ut-box-shadow-4\"><div class=\"ut-box-shadow-container-inner\"><\/div><\/div><div class=\"ut-animated-image-zoom\"><img class=\"ut-lazy skip-lazy ut-animated-image \"  id=\"ut_am_69f56e2fa4599\" src=\"data:image\/svg+xml;charset=utf-8,%3Csvg xmlns%3D'http%3A%2F%2Fwww.w3.org%2F2000%2Fsvg' viewBox%3D'0 0 800 1200'%2F%3E\" data-src=\"https:\/\/comunitariachile.org\/web\/wp-content\/uploads\/2021\/10\/afiche_congreso_v2.jpg\" width=\"800\" height=\"1200\" alt=\"\"\/><\/div><\/a><\/div><\/div><\/div>[\/vc_column][\/vc_row][\/vc_section][vc_section bklyn_section_anchor_id=\u00bbconvocatoria\u00bb][vc_row][vc_column]<div class=\"wpb_content_element \"><style type=\"text\/css\">#ut_header_69f56e2fa4b28 h1.page-title, #ut_header_69f56e2fa4b28 h1.page-title span { color:#fdd37f; }#ut_header_69f56e2fa4b28 h1.page-title{ font-family: \"Poppins\";font-weight:300;font-style:normal; }#ut_header_69f56e2fa4b28 h1.page-title { font-size:45px !important; }#ut_header_69f56e2fa4b28.pt-style-2 .page-title span:after, #ut_header_69f56e2fa4b28.pt-style-2 .parallax-title span:after, #ut_header_69f56e2fa4b28.pt-style-2 .section-title span:after { background-color:#fdd37f !important;}<\/style><header id=\"ut_header_69f56e2fa4b28\" class=\"page-header page-title-module  ut-no-title-linebreak-mobile ut-no-lead-linebreak-mobile pt-style-2 header-center header-tablet-center header-mobile-center\"><h1 data-title=\"Convocatoria\" data-effect=\"fadeInUp\" data-animateonce=\"yes\" data-delay=\"0\" data-responsive-font=\"page_title\" data-responsive-font-settings=\"{&quot;base-font-size&quot;:&quot;global&quot;,&quot;font-size&quot;:{&quot;desktop_large&quot;:&quot;45&quot;},&quot;base-line-height&quot;:&quot;global&quot;,&quot;base-letter-spacing&quot;:&quot;global&quot;}\" class=\"page-title ut-animate-element animated ut-no-animation-tablet ut-no-animation-mobile \"><span>Convocatoria<\/span><\/h1><div data-effect=\"fadeInUp\" data-animateonce=\"yes\" data-delay=\"0\" class=\"lead ut-animate-element animated ut-no-animation-tablet ut-no-animation-mobile\"><p>La convocatoria al 2\u00ba Congreso de Psicolog\u00eda tiene 4 l\u00edneas tem\u00e1ticas,<br \/>\nque se pueden revisar a continuaci\u00f3n, junto con sus modalidades de presentaci\u00f3n.<\/p>\n<\/div><\/header><\/div>[\/vc_column][\/vc_row][vc_row equal_height=\u00bbyes\u00bb content_placement=\u00bbtop\u00bb][vc_column width=\u00bb1\/2&#8243; css=\u00bb.vc_custom_1635882860735{margin-right: 15px !important;margin-bottom: 15px !important;padding-top: 50px !important;padding-right: 0px !important;padding-bottom: 50px !important;padding-left: 0px !important;background-color: rgba(138, 157, 101, 0.45) !important;*background-color: rgba(138,157, 101, 0.45) !important;border-radius: 30px !important;}\u00bb]<div class=\"wpb_content_element  vc_custom_1635883029555\"><style type=\"text\/css\">#ut_header_69f56e2fed9a1 h1.page-title, #ut_header_69f56e2fed9a1 h1.page-title span { color:#57643d; }#ut_header_69f56e2fed9a1 h1.page-title{ font-family: \"Poppins\";font-weight:300;font-style:normal; }#ut_header_69f56e2fed9a1 h1.page-title { font-size:23px !important; }#ut_header_69f56e2fed9a1.pt-style-2 .page-title span:after, #ut_header_69f56e2fed9a1.pt-style-2 .parallax-title span:after, #ut_header_69f56e2fed9a1.pt-style-2 .section-title span:after { background-color:#57643d !important;}<\/style><header id=\"ut_header_69f56e2fed9a1\" class=\"page-header page-title-module  ut-no-title-linebreak-mobile ut-no-lead-linebreak-mobile pt-style-2 header-center header-tablet-center header-mobile-center\"><h1 data-title=\"Cuerpo-Territorios y Emergencia de Sujetos\/as Pol\u00edticos en una sociedad en transformaci\u00f3n\" data-effect=\"fadeInUp\" data-animateonce=\"yes\" data-delay=\"0\" data-responsive-font=\"page_title\" data-responsive-font-settings=\"{&quot;base-font-size&quot;:&quot;23&quot;,&quot;font-size-unit&quot;:&quot;px&quot;,&quot;font-size&quot;:{&quot;desktop_large&quot;:&quot;23&quot;},&quot;base-line-height&quot;:&quot;global&quot;,&quot;base-letter-spacing&quot;:&quot;global&quot;}\" class=\"page-title ut-animate-element animated ut-no-animation-tablet ut-no-animation-mobile \"><span>Cuerpo-Territorios y Emergencia de Sujetos\/as Pol\u00edticos en una sociedad en transformaci\u00f3n<\/span><\/h1><\/header><\/div><div  class=\"wpb_content_element   clearfix\"><style type=\"text\/css\">#ut_am_69f56e302d550 { opacity: 1; }#ut_am_wrap_69f56e302d552 .ut-image-gallery-item-caption-title h3 { letter-spacing: 0em; }#ut_am_wrap_69f56e302d552 .ut-gallery-slider-caption { font-weight: bold; }#ut_am_wrap_69f56e302d552 { text-align: center; }@media (min-width: 768px) and (max-width: 1024px) { #ut_am_wrap_69f56e302d552 { text-align: center !important; } }@media (max-width: 767px) { #ut_am_wrap_69f56e302d552 { text-align: center !important; } }<\/style><div id=\"ut_am_wrap_69f56e302d552\" class=\"ut-image-gallery-image \"><div id=\"ut_reveal_69f56e302d553\"  data-appear-top-offset=\"auto\" class=\"ut-animated-image-item ut-image-gallery-item ut-animation-done \"><a class=\"ut-deactivated-link\" href=\"#\"><div class=\"ut-animated-image-zoom\"><img class=\"ut-lazy skip-lazy ut-animated-image \"  id=\"ut_am_69f56e302d550\" src=\"data:image\/svg+xml;charset=utf-8,%3Csvg xmlns%3D'http%3A%2F%2Fwww.w3.org%2F2000%2Fsvg' viewBox%3D'0 0 923 520'%2F%3E\" data-src=\"https:\/\/comunitariachile.org\/web\/wp-content\/uploads\/2021\/11\/sujetos_politicos.jpg\" width=\"923\" height=\"520\" alt=\"\"\/><\/div><\/a><\/div><\/div><\/div>[vc_column_text css_animation=\u00bbfadeIn\u00bb css=\u00bb.vc_custom_1635893757096{padding-right: 40px !important;padding-left: 40px !important;}\u00bb]En esta l\u00ednea tem\u00e1tica se esperan trabajos que den cuenta de la emergencia de sujetos pol\u00edticos en los movimientos sociales, las comunidades y colectivos variados que defienden derechos o afirman identidades. Esto se pueden expresar de dos maneras:<\/p>\n<ol>\n<li>Por la agrupaci\u00f3n de personas a partir de un proyecto \u00e9tico-pol\u00edtico relativamente expl\u00edcito, como los feminismos, los ecologismos, los pueblos ind\u00edgenas u originarios, las barras bravas del f\u00fatbol, los movimientos reivindicatorios de las minor\u00edas sexuales o \u00e9tnicas, las tribus urbanas, las iglesias y comunidades religiosas, etc.<\/li>\n<li>Por el reconocimiento social de una categor\u00eda social, independientemente de si quienes son situados en ella se reconocen en esa condici\u00f3n. Son buenos ejemplos de este \u00faltimo caso: la condici\u00f3n de g\u00e9nero, la etnicidad, la discapacidad, la raza o el fenotipo, la condici\u00f3n migrante, la orientaci\u00f3n y\/o la identidad sexual, etc.<\/li>\n<\/ol>\n<p>Algunos t\u00f3picos a continuaci\u00f3n:[\/vc_column_text]<div class=\"wpb_content_element  vc_custom_1635907935905\"><style class=\"bklyn-inline-styles\" type=\"text\/css\">#ut_fl_69f56e302e1f2148383814.bklyn-fancy-list { font-size: 15px !important; }#ut_fl_69f56e302e1f2148383814.bklyn-fancy-list { line-height: 30px !important; }#ut_fl_69f56e302e1f2148383814 li { color: #8a9d65; }#ut_fl_69f56e302e1f2148383814 li span { color: #333333; }#ut_fl_69f56e302e1f2148383814 a { color: #333333; }#ut_fl_69f56e302e1f2148383814 a:visited { color: #333333; }#ut_fl_69f56e302e1f2148383814 ul { list-style-type: disc; }<\/style><div id=\"ut_fl_69f56e302e1f2148383814\" class=\"bklyn-fancy-list  bklyn-fancy-list-left bklyn-fancy-list-tablet-left bklyn-fancy-list-mobile-center\"><ul class=\"bklyn-list \" data-appear-top-offset=\"almost\"><li class=\"bklyn-list-item-space-large\"><span><span>Comunidades<\/span><\/a><\/span><\/li><li class=\"bklyn-list-item-space-large\"><span><span>Ciudadan\u00eda<\/span><\/a><\/span><\/li><li class=\"bklyn-list-item-space-large\"><span><span>Movimientos sociales<\/span><\/a><\/span><\/li><li class=\"bklyn-list-item-space-large\"><span><span>G\u00e9nero<\/span><\/a><\/span><\/li><li class=\"bklyn-list-item-space-large\"><span><span>Disidencias sexuales<\/span><\/a><\/span><\/li><li class=\"bklyn-list-item-space-large\"><span><span>Identidades<\/span><\/a><\/span><\/li><li class=\"bklyn-list-item-space-large\"><span><span>Agencias biopol\u00edticas <\/span><\/a><\/span><\/li><\/ul><\/div><\/div>[\/vc_column][vc_column width=\u00bb1\/2&#8243; css=\u00bb.vc_custom_1635974020786{margin-bottom: 15px !important;margin-left: 15px !important;padding-top: 50px !important;padding-right: 0px !important;padding-bottom: 50px !important;padding-left: 0px !important;background-color: rgba(197, 146, 67, 0.45) !important;*background-color: rgba(197,146, 67, 0.45) !important;border-radius: 30px !important;}\u00bb]<div class=\"wpb_content_element \"><style type=\"text\/css\">#ut_header_69f56e302ea34 h1.page-title, #ut_header_69f56e302ea34 h1.page-title span { color:#ae7f39; }#ut_header_69f56e302ea34 h1.page-title{ font-family: \"Poppins\";font-weight:300;font-style:normal; }#ut_header_69f56e302ea34 h1.page-title { font-size:23px !important; }#ut_header_69f56e302ea34.pt-style-2 .page-title span:after, #ut_header_69f56e302ea34.pt-style-2 .parallax-title span:after, #ut_header_69f56e302ea34.pt-style-2 .section-title span:after { background-color:#ae7f39 !important;}<\/style><header id=\"ut_header_69f56e302ea34\" class=\"page-header page-title-module  ut-no-title-linebreak-mobile ut-no-lead-linebreak-mobile pt-style-2 header-center header-tablet-center header-mobile-center\"><h1 data-title=\"Crisis Sist\u00e9micas Globales&#13;&#10;y su abordaje&#13;&#10;local\" data-effect=\"fadeInUp\" data-animateonce=\"yes\" data-delay=\"0\" data-responsive-font=\"page_title\" data-responsive-font-settings=\"{&quot;base-font-size&quot;:&quot;23&quot;,&quot;font-size-unit&quot;:&quot;px&quot;,&quot;font-size&quot;:{&quot;desktop_large&quot;:&quot;23&quot;},&quot;base-line-height&quot;:&quot;global&quot;,&quot;base-letter-spacing&quot;:&quot;global&quot;}\" class=\"page-title ut-animate-element animated ut-no-animation-tablet ut-no-animation-mobile title-with-linebreak \"><span>Crisis Sist\u00e9micas Globales<br \/>\ny su abordaje<br \/>\nlocal<\/span><\/h1><\/header><\/div><div  class=\"wpb_content_element   clearfix\"><style type=\"text\/css\">#ut_am_69f56e3062f54 { opacity: 1; }#ut_am_wrap_69f56e3062f56 .ut-image-gallery-item-caption-title h3 { letter-spacing: 0em; }#ut_am_wrap_69f56e3062f56 .ut-gallery-slider-caption { font-weight: bold; }#ut_am_wrap_69f56e3062f56 { text-align: center; }@media (min-width: 768px) and (max-width: 1024px) { #ut_am_wrap_69f56e3062f56 { text-align: center !important; } }@media (max-width: 767px) { #ut_am_wrap_69f56e3062f56 { text-align: center !important; } }<\/style><div id=\"ut_am_wrap_69f56e3062f56\" class=\"ut-image-gallery-image \"><div id=\"ut_reveal_69f56e3062f57\"  data-appear-top-offset=\"auto\" class=\"ut-animated-image-item ut-image-gallery-item ut-animation-done \"><a class=\"ut-deactivated-link\" href=\"#\"><div class=\"ut-animated-image-zoom\"><img class=\"ut-lazy skip-lazy ut-animated-image \"  id=\"ut_am_69f56e3062f54\" src=\"data:image\/svg+xml;charset=utf-8,%3Csvg xmlns%3D'http%3A%2F%2Fwww.w3.org%2F2000%2Fsvg' viewBox%3D'0 0 923 519'%2F%3E\" data-src=\"https:\/\/comunitariachile.org\/web\/wp-content\/uploads\/2021\/11\/crisis_sist.jpg\" width=\"923\" height=\"519\" alt=\"\"\/><\/div><\/a><\/div><\/div><\/div>[vc_column_text css=\u00bb.vc_custom_1635893400299{padding-right: 40px !important;padding-left: 40px !important;}\u00bb]Esta l\u00ednea recoge trabajos sobre Crisis Socio-Ecol\u00f3gicas, Humanitarias y Emergencias. Se busca generar di\u00e1logos y reflexiones acerca de las crisis socio-ecol\u00f3gicas multiescalares, tales como el cambio ambiental global, (neo)extractivismos, desastres socionaturales, conflictos socioambientales, contradicciones urbanidad-ruralidad, as\u00ed como tambi\u00e9n dar potenciales respuestas a los desaf\u00edos acad\u00e9micos, institucionales y ciudadanos asociados a la justicia ambiental y la democratizaci\u00f3n de la gobernanza ambiental a escala glocal. Esta l\u00ednea considera innovaciones metodol\u00f3gicas, experiencias de intervenci\u00f3n en comunidades, tendencias y nuevas l\u00edneas de trabajo que permitan profundizar el desarrollo de la psicolog\u00eda ambiental-comunitaria en Chile y en Am\u00e9rica Latina.[\/vc_column_text]<div class=\"wpb_content_element  vc_custom_1635908047937\"><style class=\"bklyn-inline-styles\" type=\"text\/css\">#ut_fl_69f56e3063b5b603042988.bklyn-fancy-list { font-size: 15px !important; }#ut_fl_69f56e3063b5b603042988.bklyn-fancy-list { line-height: 30px !important; }#ut_fl_69f56e3063b5b603042988 li { color: #c59243; }#ut_fl_69f56e3063b5b603042988 li span { color: #333333; }#ut_fl_69f56e3063b5b603042988 a { color: #333333; }#ut_fl_69f56e3063b5b603042988 a:visited { color: #333333; }#ut_fl_69f56e3063b5b603042988 ul { list-style-type: disc; }<\/style><div id=\"ut_fl_69f56e3063b5b603042988\" class=\"bklyn-fancy-list  bklyn-fancy-list-left bklyn-fancy-list-tablet-left bklyn-fancy-list-mobile-center\"><ul class=\"bklyn-list \" data-appear-top-offset=\"almost\"><li class=\"bklyn-list-item-space-large\"><span><span>Socio-Ecol\u00f3gicas<\/span><\/a><\/span><\/li><li class=\"bklyn-list-item-space-large\"><span><span>Humanitarias<\/span><\/a><\/span><\/li><li class=\"bklyn-list-item-space-large\"><span><span>COVID19<\/span><\/a><\/span><\/li><li class=\"bklyn-list-item-space-large\"><span><span>(Neo) extractivismos y conflictos socioambientales<\/span><\/a><\/span><\/li><li class=\"bklyn-list-item-space-large\"><span><span>Dimensiones psicosociales ante el cambio clim\u00e1tico<\/span><\/a><\/span><\/li><li class=\"bklyn-list-item-space-large\"><span><span>Psicolog\u00eda de la emergencia y gesti\u00f3n del riesgo de desastre<\/span><\/a><\/span><\/li><li class=\"bklyn-list-item-space-large\"><span><span>Psicolog\u00eda de lo rural<\/span><\/a><\/span><\/li><li class=\"bklyn-list-item-space-large\"><span><span>Defensa ind\u00edgena del territorio<\/span><\/a><\/span><\/li><li class=\"bklyn-list-item-space-large\"><span><span>Crisis humanitaria y pandemia<\/span><\/a><\/span><\/li><\/ul><\/div><\/div>[\/vc_column][\/vc_row][vc_row equal_height=\u00bbyes\u00bb content_placement=\u00bbtop\u00bb][vc_column width=\u00bb1\/2&#8243; css=\u00bb.vc_custom_1635906536745{margin-top: 15px !important;margin-right: 15px !important;padding-top: 50px !important;padding-right: 0px !important;padding-bottom: 50px !important;padding-left: 0px !important;background-color: rgba(204, 121, 77, 0.45) !important;*background-color: rgba(204,121, 77, 0.45) !important;border-radius: 30px !important;}\u00bb]<div class=\"wpb_content_element \"><style type=\"text\/css\">#ut_header_69f56e306438a h1.page-title, #ut_header_69f56e306438a h1.page-title span { color:#cc794d; }#ut_header_69f56e306438a h1.page-title{ font-family: \"Poppins\";font-weight:300;font-style:normal; }#ut_header_69f56e306438a h1.page-title { font-size:23px !important; }#ut_header_69f56e306438a.pt-style-2 .page-title span:after, #ut_header_69f56e306438a.pt-style-2 .parallax-title span:after, #ut_header_69f56e306438a.pt-style-2 .section-title span:after { background-color:#cc794d !important;}<\/style><header id=\"ut_header_69f56e306438a\" class=\"page-header page-title-module  ut-no-title-linebreak-mobile ut-no-lead-linebreak-mobile pt-style-2 header-center header-tablet-center header-mobile-center\"><h1 data-title=\"Territorio, Ciudadan\u00eda,&#13;&#10;Estado y Gobernanza:&#13;&#10;Tensiones y dilemas.\" data-effect=\"fadeInUp\" data-animateonce=\"yes\" data-delay=\"0\" data-responsive-font=\"page_title\" data-responsive-font-settings=\"{&quot;base-font-size&quot;:&quot;23&quot;,&quot;font-size-unit&quot;:&quot;px&quot;,&quot;font-size&quot;:{&quot;desktop_large&quot;:&quot;23&quot;},&quot;base-line-height&quot;:&quot;global&quot;,&quot;base-letter-spacing&quot;:&quot;global&quot;}\" class=\"page-title ut-animate-element animated ut-no-animation-tablet ut-no-animation-mobile title-with-linebreak \"><span>Territorio, Ciudadan\u00eda,<br \/>\nEstado y Gobernanza:<br \/>\nTensiones y dilemas.<\/span><\/h1><\/header><\/div><div  class=\"wpb_content_element   clearfix\"><style type=\"text\/css\">#ut_am_69f56e3098f9f { opacity: 1; }#ut_am_wrap_69f56e3098fa2 .ut-image-gallery-item-caption-title h3 { letter-spacing: 0em; }#ut_am_wrap_69f56e3098fa2 .ut-gallery-slider-caption { font-weight: bold; }#ut_am_wrap_69f56e3098fa2 { text-align: center; }@media (min-width: 768px) and (max-width: 1024px) { #ut_am_wrap_69f56e3098fa2 { text-align: center !important; } }@media (max-width: 767px) { #ut_am_wrap_69f56e3098fa2 { text-align: center !important; } }<\/style><div id=\"ut_am_wrap_69f56e3098fa2\" class=\"ut-image-gallery-image \"><div id=\"ut_reveal_69f56e3098fa3\"  data-appear-top-offset=\"auto\" class=\"ut-animated-image-item ut-image-gallery-item ut-animation-done \"><a class=\"ut-deactivated-link\" href=\"#\"><div class=\"ut-animated-image-zoom\"><img class=\"ut-lazy skip-lazy ut-animated-image \"  id=\"ut_am_69f56e3098f9f\" src=\"data:image\/svg+xml;charset=utf-8,%3Csvg xmlns%3D'http%3A%2F%2Fwww.w3.org%2F2000%2Fsvg' viewBox%3D'0 0 923 519'%2F%3E\" data-src=\"https:\/\/comunitariachile.org\/web\/wp-content\/uploads\/2021\/11\/terr_ciud.jpg\" width=\"923\" height=\"519\" alt=\"\"\/><\/div><\/a><\/div><\/div><\/div>[vc_column_text css=\u00bb.vc_custom_1635893902651{padding-right: 40px !important;padding-left: 40px !important;}\u00bb]En esta l\u00ednea tem\u00e1tica se incluyen trabajos que aborden la desigualdad, inequidad e injusticia social. La idea es que las propuestas se desarrollen a partir de experiencias situadas en los territorios y que den visibilidad a la relaci\u00f3n Estado-Institucionalidad, Comunidad-Territorio y Gobernanza. Adem\u00e1s, se incluyen trabajos que en el contexto actual, condicionado por exigencias de transformaci\u00f3n social, los sujetos comunitarios del siglo XXI cuestionan\/pueden cuestionar las pol\u00edticas p\u00fablicas planteadas por el Estado. A su vez, abarca tambi\u00e9n trabajos sobre cr\u00edticas al modelo de Estado en sus estructuras y formas de funcionamiento, como as\u00ed mismo, las propuestas de otros modelos que esta transformaci\u00f3n conlleva.[\/vc_column_text]<div class=\"wpb_content_element  vc_custom_1635908192418\"><style class=\"bklyn-inline-styles\" type=\"text\/css\">#ut_fl_69f56e3099b4f465935180.bklyn-fancy-list { font-size: 15px !important; }#ut_fl_69f56e3099b4f465935180.bklyn-fancy-list { line-height: 30px !important; }#ut_fl_69f56e3099b4f465935180 li { color: #a46340; }#ut_fl_69f56e3099b4f465935180 li span { color: #333333; }#ut_fl_69f56e3099b4f465935180 a { color: #333333; }#ut_fl_69f56e3099b4f465935180 a:visited { color: #333333; }#ut_fl_69f56e3099b4f465935180 ul { list-style-type: disc; }<\/style><div id=\"ut_fl_69f56e3099b4f465935180\" class=\"bklyn-fancy-list  bklyn-fancy-list-left bklyn-fancy-list-tablet-left bklyn-fancy-list-mobile-center\"><ul class=\"bklyn-list \" data-appear-top-offset=\"almost\"><li class=\"bklyn-list-item-space-large\"><span><span>Pol\u00edticas p\u00fablicas<\/span><\/a><\/span><\/li><li class=\"bklyn-list-item-space-large\"><span><span>Salud mental comunitaria<\/span><\/a><\/span><\/li><li class=\"bklyn-list-item-space-large\"><span><span>Salud comunitaria<\/span><\/a><\/span><\/li><li class=\"bklyn-list-item-space-large\"><span><span>Organizaciones sociales<\/span><\/a><\/span><\/li><li class=\"bklyn-list-item-space-large\"><span><span>Participaci\u00f3n comunitaria<\/span><\/a><\/span><\/li><li class=\"bklyn-list-item-space-large\"><span><span>Inclusi\u00f3n social<\/span><\/a><\/span><\/li><li class=\"bklyn-list-item-space-large\"><span><span>Ruralidad<\/span><\/a><\/span><\/li><li class=\"bklyn-list-item-space-large\"><span><span>Metodolog\u00edas participativas y territorios<\/span><\/a><\/span><\/li><li class=\"bklyn-list-item-space-large\"><span><span>Bienestar<\/span><\/a><\/span><\/li><\/ul><\/div><\/div>[\/vc_column][vc_column width=\u00bb1\/2&#8243; css=\u00bb.vc_custom_1635906647146{margin-top: 15px !important;margin-left: 15px !important;padding-top: 50px !important;padding-right: 0px !important;padding-bottom: 50px !important;padding-left: 0px !important;background-color: rgba(139, 134, 112, 0.45) !important;*background-color: rgba(139,134, 112, 0.45) !important;border-radius: 30px !important;}\u00bb]<div class=\"wpb_content_element \"><style type=\"text\/css\">#ut_header_69f56e309a339 h1.page-title, #ut_header_69f56e309a339 h1.page-title span { color:#716d5d; }#ut_header_69f56e309a339 h1.page-title{ font-family: \"Poppins\";font-weight:300;font-style:normal; }#ut_header_69f56e309a339 h1.page-title { font-size:23px !important; }#ut_header_69f56e309a339.pt-style-2 .page-title span:after, #ut_header_69f56e309a339.pt-style-2 .parallax-title span:after, #ut_header_69f56e309a339.pt-style-2 .section-title span:after { background-color:#716d5d !important;}<\/style><header id=\"ut_header_69f56e309a339\" class=\"page-header page-title-module  ut-no-title-linebreak-mobile ut-no-lead-linebreak-mobile pt-style-2 header-center header-tablet-center header-mobile-center\"><h1 data-title=\"Diversidad, Coexistencia y&#13;&#10;Convivencia Social en la&#13;&#10;Sociedad Neo y Post-Neoliberal.\" data-effect=\"fadeInUp\" data-animateonce=\"yes\" data-delay=\"0\" data-responsive-font=\"page_title\" data-responsive-font-settings=\"{&quot;base-font-size&quot;:&quot;23&quot;,&quot;font-size-unit&quot;:&quot;px&quot;,&quot;font-size&quot;:{&quot;desktop_large&quot;:&quot;23&quot;},&quot;base-line-height&quot;:&quot;global&quot;,&quot;base-letter-spacing&quot;:&quot;global&quot;}\" class=\"page-title ut-animate-element animated ut-no-animation-tablet ut-no-animation-mobile title-with-linebreak \"><span>Diversidad, Coexistencia y<br \/>\nConvivencia Social en la<br \/>\nSociedad Neo y Post-Neoliberal.<\/span><\/h1><\/header><\/div><div  class=\"wpb_content_element   clearfix\"><style type=\"text\/css\">#ut_am_69f56e30ccd1c { opacity: 1; }#ut_am_wrap_69f56e30ccd1e .ut-image-gallery-item-caption-title h3 { letter-spacing: 0em; }#ut_am_wrap_69f56e30ccd1e .ut-gallery-slider-caption { font-weight: bold; }#ut_am_wrap_69f56e30ccd1e { text-align: center; }@media (min-width: 768px) and (max-width: 1024px) { #ut_am_wrap_69f56e30ccd1e { text-align: center !important; } }@media (max-width: 767px) { #ut_am_wrap_69f56e30ccd1e { text-align: center !important; } }<\/style><div id=\"ut_am_wrap_69f56e30ccd1e\" class=\"ut-image-gallery-image \"><div id=\"ut_reveal_69f56e30ccd1f\"  data-appear-top-offset=\"auto\" class=\"ut-animated-image-item ut-image-gallery-item ut-animation-done \"><a class=\"ut-deactivated-link\" href=\"#\"><div class=\"ut-animated-image-zoom\"><img class=\"ut-lazy skip-lazy ut-animated-image \"  id=\"ut_am_69f56e30ccd1c\" src=\"data:image\/svg+xml;charset=utf-8,%3Csvg xmlns%3D'http%3A%2F%2Fwww.w3.org%2F2000%2Fsvg' viewBox%3D'0 0 923 519'%2F%3E\" data-src=\"https:\/\/comunitariachile.org\/web\/wp-content\/uploads\/2021\/11\/diversidad_coex.jpg\" width=\"923\" height=\"519\" alt=\"\"\/><\/div><\/a><\/div><\/div><\/div>[vc_column_text css=\u00bb.vc_custom_1635907225397{padding-right: 40px !important;padding-left: 40px !important;}\u00bb]Se esperan trabajos que aborden la diversidad de formas de coexistencia y convivencia social en la sociedad neo y postneoliberal. Interesa trabajar discusiones que tensionan el proyecto de la modernidad\/colonialidad dando pie al giro ontol\u00f3gico y al debate de nuevas epistemolog\u00edas en funci\u00f3n de un nuevo escenario de futuro social en v\u00ednculo a lo pluricultural pluridimensional, pluriverso, plurinacional, el buen vivir, la crisis civilizatoria y otros desarrollos. De modo que se estimule la acci\u00f3n de nuevos sujetos comunitarios, la comunalidad, lo relacional y, en definitiva, el ensayo de otros modos de convivencia y re-existencia.[\/vc_column_text]<div class=\"wpb_content_element  vc_custom_1635908367018\"><style class=\"bklyn-inline-styles\" type=\"text\/css\">#ut_fl_69f56e30cd951357120714.bklyn-fancy-list { font-size: 15px !important; }#ut_fl_69f56e30cd951357120714.bklyn-fancy-list { line-height: 30px !important; }#ut_fl_69f56e30cd951357120714 li { color: #716d5d; }#ut_fl_69f56e30cd951357120714 li span { color: #333333; }#ut_fl_69f56e30cd951357120714 a { color: #333333; }#ut_fl_69f56e30cd951357120714 a:visited { color: #333333; }#ut_fl_69f56e30cd951357120714 ul { list-style-type: disc; }<\/style><div id=\"ut_fl_69f56e30cd951357120714\" class=\"bklyn-fancy-list  bklyn-fancy-list-left bklyn-fancy-list-tablet-left bklyn-fancy-list-mobile-center\"><ul class=\"bklyn-list \" data-appear-top-offset=\"almost\"><li class=\"bklyn-list-item-space-large\"><span><span>Derechos colectivos<\/span><\/a><\/span><\/li><li class=\"bklyn-list-item-space-large\"><span><span>Otras formas de relaci\u00f3n con la naturaleza<\/span><\/a><\/span><\/li><li class=\"bklyn-list-item-space-large\"><span><span>Interculturalidad<\/span><\/a><\/span><\/li><li class=\"bklyn-list-item-space-large\"><span><span>Pueblos originarios y afrodescendientes<\/span><\/a><\/span><\/li><li class=\"bklyn-list-item-space-large\"><span><span>Migraci\u00f3n<\/span><\/a><\/span><\/li><\/ul><\/div><\/div>[\/vc_column][\/vc_row][vc_row][vc_column]<div class=\"wpb_content_element \"><style type=\"text\/css\">#ut_header_69f56e30ce16e h1.page-title, #ut_header_69f56e30ce16e h1.page-title span { color:#fdd37f; }#ut_header_69f56e30ce16e h1.page-title{ font-family: \"Poppins\";font-weight:300;font-style:normal; }#ut_header_69f56e30ce16e h1.page-title { font-size:45px !important; }#ut_header_69f56e30ce16e .lead ins { color:#ffffff; }#ut_header_69f56e30ce16e.pt-style-2 .page-title span:after, #ut_header_69f56e30ce16e.pt-style-2 .parallax-title span:after, #ut_header_69f56e30ce16e.pt-style-2 .section-title span:after { background-color:#fdd37f !important;}<\/style><header id=\"ut_header_69f56e30ce16e\" class=\"page-header page-title-module  ut-no-title-linebreak-mobile ut-no-lead-linebreak-mobile pt-style-2 header-center header-tablet-center header-mobile-center\"><h1 data-title=\"Modalidades de Presentaci\u00f3n\" data-effect=\"fadeInUp\" data-animateonce=\"yes\" data-delay=\"0\" data-responsive-font=\"page_title\" data-responsive-font-settings=\"{&quot;base-font-size&quot;:&quot;global&quot;,&quot;font-size&quot;:{&quot;desktop_large&quot;:&quot;45&quot;},&quot;base-line-height&quot;:&quot;global&quot;,&quot;base-letter-spacing&quot;:&quot;global&quot;}\" class=\"page-title ut-animate-element animated ut-no-animation-tablet ut-no-animation-mobile \"><span>Modalidades de Presentaci\u00f3n<\/span><\/h1><div data-effect=\"fadeInUp\" data-animateonce=\"yes\" data-delay=\"0\" class=\"lead ut-animate-element animated ut-no-animation-tablet ut-no-animation-mobile\"><p>Todas las ponencias audiovisuales deben ser enviadas hasta el 31 de diciembre 2021, con buen audio, buena visibilidad y respetando el tiempo de 10 minutos para presentaciones individuales y 30 minutos para presentaciones colectivas.<\/p>\n<\/div><\/header><\/div>[\/vc_column][\/vc_row][vc_row equal_height=\u00bbyes\u00bb content_placement=\u00bbtop\u00bb][vc_column width=\u00bb1\/3&#8243; css=\u00bb.vc_custom_1635911894670{margin-right: 10px !important;border-top-width: 2px !important;border-right-width: 2px !important;border-bottom-width: 2px !important;border-left-width: 2px !important;background: #8a9d65 url(https:\/\/comunitariachile.org\/web\/wp-content\/uploads\/2021\/11\/capsulas.jpg?id=1049) !important;background-position: center !important;background-repeat: no-repeat !important;background-size: cover !important;border-left-color: rgba(138,157,101,0.5) !important;border-left-style: none !important;border-right-color: rgba(138,157,101,0.5) !important;border-right-style: none !important;border-top-color: rgba(138,157,101,0.5) !important;border-top-style: none !important;border-bottom-color: rgba(138,157,101,0.5) !important;border-bottom-style: none !important;border-radius: 20px !important;}\u00bb]<div class=\"wpb_content_element\"><style type=\"text\/css\">#ut_bi_69f56e31233dc .bklyn-big-icon-link i { color: rgba(138,157,101,0.45); }#ut_bi_69f56e31233dc .bklyn-big-icon-link .bklyn-big-icon { background: #ffffff; }<\/style><div id=\"ut_bi_69f56e31233dc\" class=\"bklyn-big-icon-wrap\"><div class=\"bklyn-big-icon-link \"><div class=\"bklyn-big-icon bklyn-big-icon-round\"><div class=\"bklyn-big-icon-inner\"><i class=\"fa fa-video-camera\"><\/i><\/div><\/div><\/div><\/div><\/div><div class=\"wpb_content_element \"><style type=\"text\/css\">#ut_header_69f56e3123860 h1.page-title, #ut_header_69f56e3123860 h1.page-title span { color:#ffffff; }#ut_header_69f56e3123860 h1.page-title{ font-family: \"Poppins\";font-weight:300;font-style:normal; }#ut_header_69f56e3123860 h1.page-title { font-size:20px !important; }#ut_header_69f56e3123860.pt-style-2 .page-title span:after, #ut_header_69f56e3123860.pt-style-2 .parallax-title span:after, #ut_header_69f56e3123860.pt-style-2 .section-title span:after { background-color:#ffffff !important;}<\/style><header id=\"ut_header_69f56e3123860\" class=\"page-header page-title-module  ut-no-title-linebreak-mobile ut-no-lead-linebreak-mobile pt-style-2 header-center header-tablet-center header-mobile-center\"><h1 data-title=\"Presentaciones individuales:&#13;&#10;C\u00e1psulas audiovisuales\" data-effect=\"fadeInUp\" data-animateonce=\"yes\" data-delay=\"0\" data-responsive-font=\"page_title\" data-responsive-font-settings=\"{&quot;base-font-size&quot;:&quot;20&quot;,&quot;font-size-unit&quot;:&quot;px&quot;,&quot;font-size&quot;:{&quot;desktop_large&quot;:&quot;20&quot;},&quot;base-line-height&quot;:&quot;global&quot;,&quot;base-letter-spacing&quot;:&quot;global&quot;}\" class=\"page-title ut-animate-element animated ut-no-animation-tablet ut-no-animation-mobile title-with-linebreak \"><span>Presentaciones individuales:<br \/>\nC\u00e1psulas audiovisuales<\/span><\/h1><\/header><\/div>[vc_column_text]<\/p>\n<p style=\"color: #ffffff;\"><span style=\"color: #ffffff;\">La postulaci\u00f3n en esta modalidad requiere el env\u00edo de:<\/span><\/p>\n<ul style=\"color: #ffffff;\">\n<li><span style=\"color: #ffffff;\">T\u00edtulo del trabajo.<\/span><\/li>\n<li><span style=\"color: #ffffff;\">Resumen con un m\u00e1ximo de 350 palabras.<\/span><\/li>\n<li><span style=\"color: #ffffff;\">Nombre del autor, autora o autores.<\/span><\/li>\n<li><span style=\"color: #ffffff;\">Pertenencia institucional.<\/span><\/li>\n<li><span style=\"color: #ffffff;\">Correo electr\u00f3nico.<\/span><\/li>\n<\/ul>\n<p><span style=\"color: #ffffff;\"> En caso de ser aceptada la propuesta, el expositor responsable deber\u00e1 enviar una c\u00e1psula audiovisual de 10 minutos a m\u00e1s tardar el d\u00eda 9 de noviembre.<\/span><\/p>\n<p style=\"color: #ffffff;\"><span style=\"color: #ffffff;\">Estos trabajos ser\u00e1n agrupados por afinidad tem\u00e1tica, en una mesa compuesta por tres videos conformando un total de 30 minutos de exposici\u00f3n. El d\u00eda de la exposici\u00f3n, luego de presentados los videos, los tres ponentes dispondr\u00e1n de 30 minutos para conversar con la audiencia.<\/span><\/p>\n<hr \/>\n<p style=\"color: #ffffff; text-align: center;\"><span style=\"color: #ffffff;\"> Tiempo duraci\u00f3n c\u00e1psula<\/span><br \/>\n<span style=\"color: #ffffff;\"><strong>10 minutos<\/strong><\/span><\/p>\n<hr \/>\n<p style=\"color: #ffffff; text-align: center;\"><span style=\"color: #ffffff;\">Tiempo total duraci\u00f3n mesa<\/span><br \/>\n<span style=\"color: #ffffff;\"><strong>60 minutos<\/strong> <\/span><\/p>\n<hr \/>\n<p style=\"color: #ffffff; text-align: center;\"><span style=\"color: #ffffff;\">Plazo de env\u00edo<\/span><br \/>\n<span style=\"color: #ffffff;\"><strong>31 de diciembre 2021<\/strong><\/span><\/p>\n<p>[\/vc_column_text][\/vc_column][vc_column width=\u00bb1\/3&#8243; css=\u00bb.vc_custom_1635951072480{margin-right: 10px !important;margin-left: 10px !important;border-top-width: 2px !important;border-right-width: 2px !important;border-bottom-width: 2px !important;border-left-width: 2px !important;background: rgba(197,146,67,0.5) url(https:\/\/comunitariachile.org\/web\/wp-content\/uploads\/2021\/11\/simposio.jpg?id=1060) !important;background-position: center !important;background-repeat: no-repeat !important;background-size: cover !important;*background-color: rgb(197,146,67) !important;border-left-color: #c59243 !important;border-left-style: none !important;border-right-color: #c59243 !important;border-right-style: none !important;border-top-color: #c59243 !important;border-top-style: none !important;border-bottom-color: #c59243 !important;border-bottom-style: none !important;border-radius: 20px !important;}\u00bb]<div class=\"wpb_content_element\"><style type=\"text\/css\">#ut_bi_69f56e315797f .bklyn-big-icon-link i { color: rgba(197,146,67,0.45); }#ut_bi_69f56e315797f .bklyn-big-icon-link .bklyn-big-icon { background: #ffffff; }<\/style><div id=\"ut_bi_69f56e315797f\" class=\"bklyn-big-icon-wrap\"><div class=\"bklyn-big-icon-link \"><div class=\"bklyn-big-icon bklyn-big-icon-round\"><div class=\"bklyn-big-icon-inner\"><i class=\"fa fa-map-marker\"><\/i><\/div><\/div><\/div><\/div><\/div><div class=\"wpb_content_element \"><style type=\"text\/css\">#ut_header_69f56e3157dbf h1.page-title, #ut_header_69f56e3157dbf h1.page-title span { color:#ffffff; }#ut_header_69f56e3157dbf h1.page-title{ font-family: \"Poppins\";font-weight:300;font-style:normal; }#ut_header_69f56e3157dbf h1.page-title { font-size:20px !important; }#ut_header_69f56e3157dbf.pt-style-2 .page-title span:after, #ut_header_69f56e3157dbf.pt-style-2 .parallax-title span:after, #ut_header_69f56e3157dbf.pt-style-2 .section-title span:after { background-color:#ffffff !important;}<\/style><header id=\"ut_header_69f56e3157dbf\" class=\"page-header page-title-module  ut-no-title-linebreak-mobile ut-no-lead-linebreak-mobile pt-style-2 header-center header-tablet-center header-mobile-center\"><h1 data-title=\"Simposio:&#13;&#10;Presentaciones In Situ (Virtual)\" data-effect=\"fadeInUp\" data-animateonce=\"yes\" data-delay=\"0\" data-responsive-font=\"page_title\" data-responsive-font-settings=\"{&quot;base-font-size&quot;:&quot;20&quot;,&quot;font-size-unit&quot;:&quot;px&quot;,&quot;font-size&quot;:{&quot;desktop_large&quot;:&quot;20&quot;},&quot;base-line-height&quot;:&quot;global&quot;,&quot;base-letter-spacing&quot;:&quot;global&quot;}\" class=\"page-title ut-animate-element animated ut-no-animation-tablet ut-no-animation-mobile title-with-linebreak \"><span>Simposio:<br \/>\nPresentaciones In Situ (Virtual)<\/span><\/h1><\/header><\/div>[vc_column_text]<\/p>\n<p style=\"color: #ffffff;\"><span style=\"color: #ffffff;\">Es una presentaci\u00f3n colectiva, destinada para equipos de investigadores\/as, que quieran exponer sus trabajos emp\u00edricos o te\u00f3ricos agrupados en torno a una mesa.<\/span><\/p>\n<p style=\"color: #ffffff;\"><span style=\"color: #ffffff;\">Se pueden proponer hasta 3 ponencias por mesa, cada una de 15 minutos de duraci\u00f3n. Luego se contar\u00e1 con 15 minutos para conversar con la audiencia. El tiempo total de duraci\u00f3n de la mesa es de una hora.<\/span><\/p>\n<p style=\"color: #ffffff;\"><span style=\"color: #ffffff;\">El env\u00edo de la propuesta debe hacerlo s\u00f3lo una persona, que actuar\u00e1 como responsable del simposio, quien deber\u00e1 entregar:<\/span><\/p>\n<ul style=\"color: #ffffff;\">\n<li><span style=\"color: #ffffff;\"> T\u00edtulo general del simposio.<\/span><\/li>\n<li><span style=\"color: #ffffff;\">T\u00edtulo de la ponencia.<\/span><\/li>\n<li><span style=\"color: #ffffff;\">Resumen de 150 palabras.<\/span><\/li>\n<li><span style=\"color: #ffffff;\">Nombre de quien o quienes exponen.<\/span><\/li>\n<li><span style=\"color: #ffffff;\">Pertenencia institucional de cada uno.<\/span><\/li>\n<li><span style=\"color: #ffffff;\">Correo electr\u00f3nico.<\/span><\/li>\n<\/ul>\n<p><span style=\"color: #ffffff;\">Es importante se\u00f1alar que todos los y las expositores\/as deben inscribirse.<\/span><\/p>\n<hr \/>\n<p style=\"text-align: center;\"><span style=\"color: #ffffff;\">Tiempo duraci\u00f3n ponencia<\/span><br \/>\n<span style=\"color: #ffffff;\"><strong>15 minutos<\/strong><\/span><\/p>\n<hr \/>\n<p style=\"text-align: center;\"><span style=\"color: #ffffff;\">Tiempo total duraci\u00f3n mesa<\/span><br \/>\n<span style=\"color: #ffffff;\"><strong>60 minutos<\/strong><\/span><\/p>\n<hr \/>\n<p style=\"text-align: center;\"><span style=\"color: #ffffff;\">Plazo de env\u00edo<\/span><br \/>\n<span style=\"color: #ffffff;\"><strong>31 de diciembre 2021<\/strong><\/span><\/p>\n<p>[\/vc_column_text][\/vc_column][vc_column width=\u00bb1\/3&#8243; css=\u00bb.vc_custom_1635971660690{margin-left: 10px !important;border-top-width: 2px !important;border-right-width: 2px !important;border-bottom-width: 2px !important;border-left-width: 2px !important;background: rgba(204, 121, 77, 0.5) url(https:\/\/comunitariachile.org\/web\/wp-content\/uploads\/2021\/11\/mixto.jpg?id=1079) !important;background-position: center !important;background-repeat: no-repeat !important;background-size: cover !important;*background-color: rgba(204,121, 77, 0.5) !important;border-left-color: #cc794d !important;border-left-style: none !important;border-right-color: #cc794d !important;border-right-style: none !important;border-top-color: #cc794d !important;border-top-style: none !important;border-bottom-color: #cc794d !important;border-bottom-style: none !important;border-radius: 20px !important;}\u00bb]<div class=\"wpb_content_element\"><style type=\"text\/css\">#ut_bi_69f56e318a61f .bklyn-big-icon-link i { color: rgba(204,121,77,0.45); }#ut_bi_69f56e318a61f .bklyn-big-icon-link .bklyn-big-icon { background: #ffffff; }<\/style><div id=\"ut_bi_69f56e318a61f\" class=\"bklyn-big-icon-wrap\"><div class=\"bklyn-big-icon-link \"><div class=\"bklyn-big-icon bklyn-big-icon-round\"><div class=\"bklyn-big-icon-inner\"><i class=\"fa fa-user-plus\"><\/i><\/div><\/div><\/div><\/div><\/div><div class=\"wpb_content_element \"><style type=\"text\/css\">#ut_header_69f56e318aa6b h1.page-title, #ut_header_69f56e318aa6b h1.page-title span { color:#ffffff; }#ut_header_69f56e318aa6b h1.page-title{ font-family: \"Poppins\";font-weight:300;font-style:normal; }#ut_header_69f56e318aa6b h1.page-title { font-size:20px !important; }#ut_header_69f56e318aa6b.pt-style-2 .page-title span:after, #ut_header_69f56e318aa6b.pt-style-2 .parallax-title span:after, #ut_header_69f56e318aa6b.pt-style-2 .section-title span:after { background-color:#ffffff !important;}<\/style><header id=\"ut_header_69f56e318aa6b\" class=\"page-header page-title-module  ut-no-title-linebreak-mobile ut-no-lead-linebreak-mobile pt-style-2 header-center header-tablet-center header-mobile-center\"><h1 data-title=\"Simposio:&#13;&#10;Presentaciones mixtas\" data-effect=\"fadeInUp\" data-animateonce=\"yes\" data-delay=\"0\" data-responsive-font=\"page_title\" data-responsive-font-settings=\"{&quot;base-font-size&quot;:&quot;20&quot;,&quot;font-size-unit&quot;:&quot;px&quot;,&quot;font-size&quot;:{&quot;desktop_large&quot;:&quot;20&quot;},&quot;base-line-height&quot;:&quot;global&quot;,&quot;base-letter-spacing&quot;:&quot;global&quot;}\" class=\"page-title ut-animate-element animated ut-no-animation-tablet ut-no-animation-mobile title-with-linebreak \"><span>Simposio:<br \/>\nPresentaciones mixtas<\/span><\/h1><\/header><\/div>[vc_column_text]<span style=\"color: #ffffff;\">Esta modalidad, al igual que la anterior, tambi\u00e9n se trata de una presentaci\u00f3n colectiva destinada a equipos de investigadores\/as, que deseen presentar sus trabajos emp\u00edricos o te\u00f3ricos, agrupados en torno a una mesa.<\/span><\/p>\n<p><span style=\"color: #ffffff;\">Es una exposici\u00f3n de un video de 30 minutos que puede incluir hasta 3 presentaciones del equipo. Luego, el equipo dispondr\u00e1 de 30 minutos para conversar con la audiencia. Tiempo total de duraci\u00f3n de la mesa una hora.<\/span><\/p>\n<p><span style=\"color: #ffffff;\">Deben tener presente que el env\u00edo de su propuesta debe realizarlo s\u00f3lo una persona, dicha persona actuar\u00e1 como responsable del simposio y deber\u00e1 entregar:<\/span><\/p>\n<ul style=\"color: #ffffff;\">\n<li><span style=\"color: #ffffff;\">T\u00edtulo general del simposio.<\/span><\/li>\n<li><span style=\"color: #ffffff;\">T\u00edtulo de la ponencia, as\u00ed como para cada una de las ponencias.<\/span><\/li>\n<li><span style=\"color: #ffffff;\">Resumen de 150 palabras.<\/span><\/li>\n<li><span style=\"color: #ffffff;\">Nombre de de los expositores y\/o expositoras.<\/span><\/li>\n<li><span style=\"color: #ffffff;\">Pertenencia institucional de cada uno.<\/span><\/li>\n<li><span style=\"color: #ffffff;\">Correos electr\u00f3nicos.<\/span><\/li>\n<\/ul>\n<hr \/>\n<p style=\"text-align: center;\"><span style=\"color: #ffffff;\">Tiempo duraci\u00f3n video<\/span><br \/>\n<span style=\"color: #ffffff;\"><strong>30 minutos<\/strong><\/span><\/p>\n<hr \/>\n<p style=\"text-align: center;\"><span style=\"color: #ffffff;\">Tiempo total duraci\u00f3n mesa<\/span><br \/>\n<span style=\"color: #ffffff;\"><strong>60 minutos<\/strong><\/span><\/p>\n<hr \/>\n<p style=\"text-align: center;\"><span style=\"color: #ffffff;\">Plazo de env\u00edo<\/span><br \/>\n<span style=\"color: #ffffff;\"><strong>31 de diciembre 2021<\/strong><\/span><\/p>\n<p>[\/vc_column_text][\/vc_column][\/vc_row][\/vc_section][vc_section bklyn_section_anchor_id=\u00bbnoticias\u00bb][vc_row][vc_column]<div class=\"wpb_content_element \"><style type=\"text\/css\">#ut_header_69f56e31bdaa2 h1.page-title, #ut_header_69f56e31bdaa2 h1.page-title span { color:#fdd37f; }#ut_header_69f56e31bdaa2 h1.page-title{ font-family: \"Poppins\";font-weight:300;font-style:normal; }#ut_header_69f56e31bdaa2 h1.page-title { font-size:45px !important; }#ut_header_69f56e31bdaa2.pt-style-2 .page-title span:after, #ut_header_69f56e31bdaa2.pt-style-2 .parallax-title span:after, #ut_header_69f56e31bdaa2.pt-style-2 .section-title span:after { background-color:#fdd37f !important;}<\/style><header id=\"ut_header_69f56e31bdaa2\" class=\"page-header page-title-module  ut-no-title-linebreak-mobile ut-no-lead-linebreak-mobile pt-style-2 header-center header-tablet-center header-mobile-center\"><h1 data-title=\"Actividades Pre-Congreso\" data-effect=\"fadeInUp\" data-animateonce=\"yes\" data-delay=\"0\" data-responsive-font=\"page_title\" data-responsive-font-settings=\"{&quot;base-font-size&quot;:&quot;global&quot;,&quot;font-size&quot;:{&quot;desktop_large&quot;:&quot;45&quot;},&quot;base-line-height&quot;:&quot;global&quot;,&quot;base-letter-spacing&quot;:&quot;global&quot;}\" class=\"page-title ut-animate-element animated ut-no-animation-tablet ut-no-animation-mobile \"><span>Actividades Pre-Congreso<\/span><\/h1><\/header><\/div><style type=\"text\/css\">#ut_blog_grid_69f56e3212be3 .ut-blog-grid-article { margin-top: 10px; }<\/style><div id=\"ut_blog_grid_69f56e3212be3\" class=\"ut-blog-grid-module blog\"><div class=\"ut-blog-grid  clearfix ut-blog-grid-date-default\"><\/div><\/div>[\/vc_column][\/vc_row][\/vc_section][vc_section bklyn_section_anchor_id=\u00bbbiblioteca\u00bb][vc_row][vc_column]<div class=\"wpb_content_element \"><style type=\"text\/css\">#ut_header_69f56e3213a19 h1.page-title, #ut_header_69f56e3213a19 h1.page-title span { color:#fdd37f; }#ut_header_69f56e3213a19 h1.page-title{ font-family: \"Poppins\";font-weight:300;font-style:normal; }#ut_header_69f56e3213a19 h1.page-title { font-size:45px !important; }#ut_header_69f56e3213a19.pt-style-2 .page-title span:after, #ut_header_69f56e3213a19.pt-style-2 .parallax-title span:after, #ut_header_69f56e3213a19.pt-style-2 .section-title span:after { background-color:#fdd37f !important;}<\/style><header id=\"ut_header_69f56e3213a19\" class=\"page-header page-title-module  ut-no-title-linebreak-mobile ut-no-lead-linebreak-mobile pt-style-2 header-left header-tablet-left header-mobile-center\"><h1 data-title=\"Repositorio\" data-effect=\"fadeInUp\" data-animateonce=\"yes\" data-delay=\"0\" data-responsive-font=\"page_title\" data-responsive-font-settings=\"{&quot;base-font-size&quot;:&quot;global&quot;,&quot;font-size&quot;:{&quot;desktop_large&quot;:&quot;45&quot;},&quot;base-line-height&quot;:&quot;global&quot;,&quot;base-letter-spacing&quot;:&quot;global&quot;}\" class=\"page-title ut-animate-element animated ut-no-animation-tablet ut-no-animation-mobile \"><span>Repositorio<\/span><\/h1><\/header><\/div>[\/vc_column][\/vc_row][\/vc_section][vc_section bklyn_section_anchor_id=\u00bbcontacto\u00bb][vc_row][vc_column]<div class=\"wpb_content_element \"><style type=\"text\/css\">#ut_header_69f56e325b560 h1.page-title, #ut_header_69f56e325b560 h1.page-title span { color:#fdd37f; }#ut_header_69f56e325b560 h1.page-title{ font-family: \"Poppins\";font-weight:300;font-style:normal; }#ut_header_69f56e325b560 h1.page-title { font-size:45px !important; }#ut_header_69f56e325b560.pt-style-2 .page-title span:after, #ut_header_69f56e325b560.pt-style-2 .parallax-title span:after, #ut_header_69f56e325b560.pt-style-2 .section-title span:after { background-color:#fdd37f !important;}<\/style><header id=\"ut_header_69f56e325b560\" class=\"page-header page-title-module  ut-no-title-linebreak-mobile ut-no-lead-linebreak-mobile pt-style-2 header-center header-tablet-center header-mobile-center\"><h1 data-title=\"Contacto\" data-effect=\"fadeInUp\" data-animateonce=\"yes\" data-delay=\"0\" data-responsive-font=\"page_title\" data-responsive-font-settings=\"{&quot;base-font-size&quot;:&quot;global&quot;,&quot;font-size&quot;:{&quot;desktop_large&quot;:&quot;45&quot;},&quot;base-line-height&quot;:&quot;global&quot;,&quot;base-letter-spacing&quot;:&quot;global&quot;}\" class=\"page-title ut-animate-element animated ut-no-animation-tablet ut-no-animation-mobile \"><span>Contacto<\/span><\/h1><\/header><\/div>[\/vc_column][\/vc_row][vc_row][vc_column width=\u00bb1\/2&#8243; css=\u00bb.vc_custom_1635457840040{margin-right: 20px !important;border-top-width: 1px !important;border-right-width: 1px !important;border-bottom-width: 1px !important;border-left-width: 1px !important;padding-top: 20px !important;padding-right: 40px !important;padding-bottom: 20px !important;padding-left: 40px !important;border-left-color: rgba(239,125,0,0.4) !important;border-left-style: solid !important;border-right-color: rgba(239,125,0,0.4) !important;border-right-style: solid !important;border-top-color: rgba(239,125,0,0.4) !important;border-top-style: solid !important;border-bottom-color: rgba(239,125,0,0.4) !important;border-bottom-style: solid !important;border-radius: 10px !important;}\u00bb]<div class=\"wpb_content_element \"><style type=\"text\/css\">#ut_header_69f56e32a3ced h1.page-title, #ut_header_69f56e32a3ced h1.page-title span { color:#57643d; }#ut_header_69f56e32a3ced h1.page-title{ font-family: \"Poppins\";font-weight:300;font-style:normal; }#ut_header_69f56e32a3ced h1.page-title { font-size:30px !important; }#ut_header_69f56e32a3ced.page-title-module .lead { color:#7f7f7f; }#ut_header_69f56e32a3ced.page-title-module .lead p { color:#7f7f7f; }#ut_header_69f56e32a3ced.pt-style-2 .page-title span:after, #ut_header_69f56e32a3ced.pt-style-2 .parallax-title span:after, #ut_header_69f56e32a3ced.pt-style-2 .section-title span:after { background-color:#57643d !important;}<\/style><header id=\"ut_header_69f56e32a3ced\" class=\"page-header page-title-module  ut-no-title-linebreak-mobile ut-no-lead-linebreak-mobile pt-style-2 header-left header-tablet-left header-mobile-center\"><h1 data-title=\"Formulario de inscripci\u00f3n general\" data-effect=\"fadeInUp\" data-animateonce=\"yes\" data-delay=\"0\" data-responsive-font=\"page_title\" data-responsive-font-settings=\"{&quot;base-font-size&quot;:&quot;30&quot;,&quot;font-size-unit&quot;:&quot;px&quot;,&quot;font-size&quot;:{&quot;desktop_large&quot;:&quot;30&quot;},&quot;base-line-height&quot;:&quot;global&quot;,&quot;base-letter-spacing&quot;:&quot;global&quot;}\" class=\"page-title ut-animate-element animated ut-no-animation-tablet ut-no-animation-mobile \"><span>Formulario de inscripci\u00f3n general<\/span><\/h1><div data-effect=\"fadeInUp\" data-animateonce=\"yes\" data-delay=\"0\" class=\"lead ut-animate-element animated ut-no-animation-tablet ut-no-animation-mobile\"><p>A continuaci\u00f3n, completa toda la informaci\u00f3n requerida en el presente formulario para inscribirte como asistente. Expositores\/as tambi\u00e9n deben hacer la inscripci\u00f3n. <\/p>\n<\/div><\/header><\/div>[vc_column_text]Recuerda que el pago de incorporaci\u00f3n tiene los siguientes valores, seg\u00fan categor\u00eda:<\/p>\n<ul>\n<li>Profesionales &#8211; $15.000 asistencia y presentaci\u00f3n de trabajos (hasta el 16 de Noviembre, posterior a esa fecha $20.000).<\/li>\n<li>Estudiantes &#8211; $2.000 asistencia y presentaci\u00f3n de trabajos.<\/li>\n<li>Organizaciones &#8211; $0 asistencia y presentaci\u00f3n de trabajos.<\/li>\n<\/ul>\n<p>[\/vc_column_text]<div id=\"ut_cf7_colors_69f56e32d6187\" class=\"wpb_content_element  \"><div role=\"form\" class=\"wpcf7\" id=\"wpcf7-f948-o1\" lang=\"es-ES\" dir=\"ltr\">\n<div class=\"screen-reader-response\"><p role=\"status\" aria-live=\"polite\" aria-atomic=\"true\"><\/p> <ul><\/ul><\/div>\n<form action=\"\/web\/wp-json\/wp\/v2\/pages\/709#wpcf7-f948-o1\" method=\"post\" class=\"wpcf7-form init\" enctype=\"multipart\/form-data\" novalidate=\"novalidate\" data-status=\"init\">\n<div style=\"display: none;\">\n<input type=\"hidden\" name=\"_wpcf7\" value=\"948\" \/>\n<input type=\"hidden\" name=\"_wpcf7_version\" value=\"5.6.3\" \/>\n<input type=\"hidden\" name=\"_wpcf7_locale\" value=\"es_ES\" \/>\n<input type=\"hidden\" name=\"_wpcf7_unit_tag\" value=\"wpcf7-f948-o1\" \/>\n<input type=\"hidden\" name=\"_wpcf7_container_post\" value=\"0\" \/>\n<input type=\"hidden\" name=\"_wpcf7_posted_data_hash\" value=\"\" \/>\n<\/div>\n<p><label> Nombre completo (requerido):<br \/>\n    <span class=\"wpcf7-form-control-wrap\" data-name=\"your-name\"><input type=\"text\" name=\"your-name\" value=\"\" size=\"40\" class=\"wpcf7-form-control wpcf7-text wpcf7-validates-as-required\" aria-required=\"true\" aria-invalid=\"false\" \/><\/span> <\/label><\/p>\n<p><label> Correo electr\u00f3nico (requerido):<br \/>\n    <span class=\"wpcf7-form-control-wrap\" data-name=\"your-email\"><input type=\"email\" name=\"your-email\" value=\"\" size=\"40\" class=\"wpcf7-form-control wpcf7-text wpcf7-email wpcf7-validates-as-required wpcf7-validates-as-email\" aria-required=\"true\" aria-invalid=\"false\" \/><\/span> <\/label><\/p>\n<p><label> Tel\u00e9fono:<br \/>\n<span class=\"wpcf7-form-control-wrap\" data-name=\"tel-15\"><input type=\"tel\" name=\"tel-15\" value=\"+569xxxxxxxx\" size=\"40\" class=\"wpcf7-form-control wpcf7-text wpcf7-tel wpcf7-validates-as-required wpcf7-validates-as-tel\" aria-required=\"true\" aria-invalid=\"false\" \/><\/span> <\/label><\/p>\n<p><label> Pa\u00eds:<br \/>\n<span class=\"wpcf7-form-control-wrap\" data-name=\"pais\"><input type=\"text\" name=\"pais\" value=\"\" size=\"40\" class=\"wpcf7-form-control wpcf7-text\" aria-invalid=\"false\" \/><\/span> <\/label><\/p>\n<p><label> Selecciona la categor\u00eda con la que te identificas como participante:<br \/>\n<span class=\"wpcf7-form-control-wrap\" data-name=\"categoria\"><select name=\"categoria\" class=\"wpcf7-form-control wpcf7-select wpcf7-validates-as-required\" aria-required=\"true\" aria-invalid=\"false\"><option value=\"\">---<\/option><option value=\"Estudiante\">Estudiante<\/option><option value=\"Profesional\">Profesional<\/option><option value=\"Miembro Organizaci\u00f3n\">Miembro Organizaci\u00f3n<\/option><\/select><\/span> <\/label><\/p>\n<p><label> Si eres estudiante adjunta tu Certificado Alumno Regular:<br \/>\n<span class=\"wpcf7-form-control-wrap\" data-name=\"file-139\"><input type=\"file\" name=\"file-139\" size=\"40\" class=\"wpcf7-form-control wpcf7-file\" accept=\".pdf\" aria-invalid=\"false\" \/><\/span> <\/label><\/p>\n<p><label> Organizaci\u00f3n d\u00f3nde participas (requerido):<br \/>\n    <span class=\"wpcf7-form-control-wrap\" data-name=\"organizacion\"><input type=\"text\" name=\"organizacion\" value=\"\" size=\"40\" class=\"wpcf7-form-control wpcf7-text wpcf7-validates-as-required\" aria-required=\"true\" aria-invalid=\"false\" \/><\/span> <\/label><\/p>\n<p><label> C\u00f3mo te enteraste del Congreso (requerido):<br \/>\n<span class=\"wpcf7-form-control-wrap\" data-name=\"publicidad\"><select name=\"publicidad\" class=\"wpcf7-form-control wpcf7-select wpcf7-validates-as-required\" aria-required=\"true\" aria-invalid=\"false\"><option value=\"\">---<\/option><option value=\"Redes sociales de SOCHIPSICO\">Redes sociales de SOCHIPSICO<\/option><option value=\"Otras redes sociales\">Otras redes sociales<\/option><option value=\"En la universidad\">En la universidad<\/option><option value=\"En una organizaci\u00f3n social\">En una organizaci\u00f3n social<\/option><option value=\"Otro\">Otro<\/option><\/select><\/span> <\/label><\/p>\n<p><input type=\"submit\" value=\"Inscribirse\" class=\"wpcf7-form-control has-spinner wpcf7-submit\" \/><\/p>\n<p style=\"display: none !important;\"><label>&#916;<textarea name=\"_wpcf7_ak_hp_textarea\" cols=\"45\" rows=\"8\" maxlength=\"100\"><\/textarea><\/label><input type=\"hidden\" id=\"ak_js_1\" name=\"_wpcf7_ak_js\" value=\"167\"\/><script>document.getElementById( \"ak_js_1\" ).setAttribute( \"value\", ( new Date() ).getTime() );<\/script><\/p><input type='hidden' class='wpcf7-pum' value='{\"closepopup\":false,\"closedelay\":0,\"openpopup\":false,\"openpopup_id\":0}' \/><div class=\"wpcf7-response-output\" aria-hidden=\"true\"><\/div><\/form><\/div><\/div>[\/vc_column][vc_column width=\u00bb1\/2&#8243; css=\u00bb.vc_custom_1635457853874{margin-left: 20px !important;border-top-width: 1px !important;border-right-width: 1px !important;border-bottom-width: 1px !important;border-left-width: 1px !important;padding-top: 20px !important;padding-right: 40px !important;padding-bottom: 20px !important;padding-left: 40px !important;border-left-color: rgba(239,125,0,0.4) !important;border-left-style: solid !important;border-right-color: rgba(239,125,0,0.4) !important;border-right-style: solid !important;border-top-color: rgba(239,125,0,0.4) !important;border-top-style: solid !important;border-bottom-color: rgba(239,125,0,0.4) !important;border-bottom-style: solid !important;border-radius: 10px !important;}\u00bb]<div class=\"wpb_content_element \"><style type=\"text\/css\">#ut_header_69f56e32d916b h1.page-title, #ut_header_69f56e32d916b h1.page-title span { color:#ae7f39; }#ut_header_69f56e32d916b h1.page-title{ font-family: \"Poppins\";font-weight:300;font-style:normal; }#ut_header_69f56e32d916b h1.page-title { font-size:30px !important; }#ut_header_69f56e32d916b.page-title-module .lead { color:#7f7f7f; }#ut_header_69f56e32d916b.page-title-module .lead p { color:#7f7f7f; }#ut_header_69f56e32d916b.pt-style-2 .page-title span:after, #ut_header_69f56e32d916b.pt-style-2 .parallax-title span:after, #ut_header_69f56e32d916b.pt-style-2 .section-title span:after { background-color:#ae7f39 !important;}<\/style><header id=\"ut_header_69f56e32d916b\" class=\"page-header page-title-module  ut-no-title-linebreak-mobile ut-no-lead-linebreak-mobile pt-style-2 header-left header-tablet-left header-mobile-center\"><h1 data-title=\"Formulario de env\u00edo propuestas\" data-effect=\"fadeInUp\" data-animateonce=\"yes\" data-delay=\"0\" data-responsive-font=\"page_title\" data-responsive-font-settings=\"{&quot;base-font-size&quot;:&quot;30&quot;,&quot;font-size-unit&quot;:&quot;px&quot;,&quot;font-size&quot;:{&quot;desktop_large&quot;:&quot;30&quot;},&quot;base-line-height&quot;:&quot;global&quot;,&quot;base-letter-spacing&quot;:&quot;global&quot;}\" class=\"page-title ut-animate-element animated ut-no-animation-tablet ut-no-animation-mobile \"><span>Formulario de env\u00edo propuestas<\/span><\/h1><div data-effect=\"fadeInUp\" data-animateonce=\"yes\" data-delay=\"0\" class=\"lead ut-animate-element animated ut-no-animation-tablet ut-no-animation-mobile\"><p>A continuaci\u00f3n, completa toda la informaci\u00f3n requerida en el presente formulario para hacer env\u00edo de tu propuesta de trabajo. <\/p>\n<\/div><\/header><\/div><div id=\"ut_cf7_colors_69f56e33172fc\" class=\"wpb_content_element  \"><div role=\"form\" class=\"wpcf7\" id=\"wpcf7-f949-o2\" lang=\"es-ES\" dir=\"ltr\">\n<div class=\"screen-reader-response\"><p role=\"status\" aria-live=\"polite\" aria-atomic=\"true\"><\/p> <ul><\/ul><\/div>\n<form action=\"\/web\/wp-json\/wp\/v2\/pages\/709#wpcf7-f949-o2\" method=\"post\" class=\"wpcf7-form init\" enctype=\"multipart\/form-data\" novalidate=\"novalidate\" data-status=\"init\">\n<div style=\"display: none;\">\n<input type=\"hidden\" name=\"_wpcf7\" value=\"949\" \/>\n<input type=\"hidden\" name=\"_wpcf7_version\" value=\"5.6.3\" \/>\n<input type=\"hidden\" name=\"_wpcf7_locale\" value=\"es_ES\" \/>\n<input type=\"hidden\" name=\"_wpcf7_unit_tag\" value=\"wpcf7-f949-o2\" \/>\n<input type=\"hidden\" name=\"_wpcf7_container_post\" value=\"0\" \/>\n<input type=\"hidden\" name=\"_wpcf7_posted_data_hash\" value=\"\" \/>\n<\/div>\n<p><label> Nombre completo (requerido):<br \/>\n    <span class=\"wpcf7-form-control-wrap\" data-name=\"your-name\"><input type=\"text\" name=\"your-name\" value=\"\" size=\"40\" class=\"wpcf7-form-control wpcf7-text wpcf7-validates-as-required\" aria-required=\"true\" aria-invalid=\"false\" \/><\/span> <\/label><\/p>\n<p><label> Correo electr\u00f3nico (requerido):<br \/>\n    <span class=\"wpcf7-form-control-wrap\" data-name=\"your-email\"><input type=\"email\" name=\"your-email\" value=\"\" size=\"40\" class=\"wpcf7-form-control wpcf7-text wpcf7-email wpcf7-validates-as-required wpcf7-validates-as-email\" aria-required=\"true\" aria-invalid=\"false\" \/><\/span> <\/label><\/p>\n<p><label> Tel\u00e9fono:<br \/>\n<span class=\"wpcf7-form-control-wrap\" data-name=\"tel-15\"><input type=\"tel\" name=\"tel-15\" value=\"+569xxxxxxxx\" size=\"40\" class=\"wpcf7-form-control wpcf7-text wpcf7-tel wpcf7-validates-as-required wpcf7-validates-as-tel\" aria-required=\"true\" aria-invalid=\"false\" \/><\/span> <\/label><\/p>\n<p><label> Direcci\u00f3n:<br \/>\n<span class=\"wpcf7-form-control-wrap\" data-name=\"pais\"><input type=\"text\" name=\"pais\" value=\"\" size=\"40\" class=\"wpcf7-form-control wpcf7-text\" aria-invalid=\"false\" \/><\/span> <\/label><\/p>\n<p><label> Afiliaci\u00f3n institucional (requerido):<br \/>\n    <span class=\"wpcf7-form-control-wrap\" data-name=\"organizacion\"><input type=\"text\" name=\"organizacion\" value=\"\" size=\"40\" class=\"wpcf7-form-control wpcf7-text wpcf7-validates-as-required\" aria-required=\"true\" aria-invalid=\"false\" \/><\/span> <\/label><\/p>\n<p><label> Grado acad\u00e9mico:<br \/>\n<span class=\"wpcf7-form-control-wrap\" data-name=\"grado\"><select name=\"grado\" class=\"wpcf7-form-control wpcf7-select wpcf7-validates-as-required\" aria-required=\"true\" aria-invalid=\"false\"><option value=\"\">---<\/option><option value=\"Doctorado\">Doctorado<\/option><option value=\"Mag\u00edster\">Mag\u00edster<\/option><option value=\"Licenciatura\">Licenciatura<\/option><option value=\"Estudiante de doctorado\">Estudiante de doctorado<\/option><option value=\"Estudiante de mag\u00edster\">Estudiante de mag\u00edster<\/option><option value=\"Estudiante de pregrado\">Estudiante de pregrado<\/option><\/select><\/span>  <\/label><\/p>\n<p><label> Selecciona la modalidad para la cual env\u00edas la propuesta individual o grupal:<br \/>\n<span class=\"wpcf7-form-control-wrap\" data-name=\"modalidad\"><select name=\"modalidad\" class=\"wpcf7-form-control wpcf7-select wpcf7-validates-as-required\" aria-required=\"true\" aria-invalid=\"false\"><option value=\"\">---<\/option><option value=\"Presentaciones individuales: C\u00e1psulas audiovisuales\">Presentaciones individuales: C\u00e1psulas audiovisuales<\/option><option value=\"Simposio: Presentaciones in situ \u2013 grupal\">Simposio: Presentaciones in situ \u2013 grupal<\/option><option value=\"Simposio: Presentaciones mixtas \u2013 grupal\">Simposio: Presentaciones mixtas \u2013 grupal<\/option><\/select><\/span>  <\/label><\/p>\n<p><label> Selecciona el eje tem\u00e1tico de la propuesta:<br \/>\n<span class=\"wpcf7-form-control-wrap\" data-name=\"eje\"><select name=\"eje\" class=\"wpcf7-form-control wpcf7-select wpcf7-validates-as-required\" aria-required=\"true\" aria-invalid=\"false\"><option value=\"\">---<\/option><option value=\"Cuerpo-territorios y emergencia de sujetos\/as pol\u00edticos en una sociedad en transformaci\u00f3n.\">Cuerpo-territorios y emergencia de sujetos\/as pol\u00edticos en una sociedad en transformaci\u00f3n.<\/option><option value=\"Territorio, ciudadan\u00eda, Estado y gobernanza: Tensiones y dilemas.\">Territorio, ciudadan\u00eda, Estado y gobernanza: Tensiones y dilemas.<\/option><option value=\"Crisis sist\u00e9micas globales y su abordaje local.\">Crisis sist\u00e9micas globales y su abordaje local.<\/option><option value=\"Diversidad, coexistencia y convivencia social en la sociedad neo y post-neoliberal.\">Diversidad, coexistencia y convivencia social en la sociedad neo y post-neoliberal.<\/option><\/select><\/span>  <\/label><\/p>\n<p><label> Sube aqu\u00ed tu propuesta escrita:<br \/>\n<span class=\"wpcf7-form-control-wrap\" data-name=\"file-139\"><input type=\"file\" name=\"file-139\" size=\"40\" class=\"wpcf7-form-control wpcf7-file\" accept=\".pdf\" aria-invalid=\"false\" \/><\/span> <\/label><\/p>\n<p><label> <span class=\"wpcf7-form-control-wrap\" data-name=\"acceptance-929\"><span class=\"wpcf7-form-control wpcf7-acceptance\"><span class=\"wpcf7-list-item\"><label><input type=\"checkbox\" name=\"acceptance-929\" value=\"1\" aria-invalid=\"false\" \/><span class=\"wpcf7-list-item-label\">Autorizo a la Sociedad Chilena de Psicolog\u00eda Comunitaria y al Comit\u00e9 Organizador del Congreso, en el caso de que la ponencia sea seleccionada, a difundir materiales de la ponencia a trav\u00e9s de plataformas virtuales destinadas para ello.<\/span><\/label><\/span><\/span><\/span> <\/label><\/p>\n<p><input type=\"submit\" value=\"Enviar\" class=\"wpcf7-form-control has-spinner wpcf7-submit\" \/><\/p>\n<p style=\"display: none !important;\"><label>&#916;<textarea name=\"_wpcf7_ak_hp_textarea\" cols=\"45\" rows=\"8\" maxlength=\"100\"><\/textarea><\/label><input type=\"hidden\" id=\"ak_js_2\" name=\"_wpcf7_ak_js\" value=\"24\"\/><script>document.getElementById( \"ak_js_2\" ).setAttribute( \"value\", ( new Date() ).getTime() );<\/script><\/p><input type='hidden' class='wpcf7-pum' value='{\"closepopup\":false,\"closedelay\":0,\"openpopup\":false,\"openpopup_id\":0}' \/><div class=\"wpcf7-response-output\" aria-hidden=\"true\"><\/div><\/form><\/div><\/div>[\/vc_column][\/vc_row][\/vc_section]<\/p>\n","protected":false},"excerpt":{"rendered":"<p>[vc_section bklyn_section_anchor_id=\u00bbprograma\u00bb][vc_row][vc_column][\/vc_column][\/vc_row][vc_row][vc_column width=\u00bb1\/4&#8243;][\/vc_column][vc_column width=\u00bb1\/4&#8243;][\/vc_column][vc_column width=\u00bb1\/4&#8243;][\/vc_column][vc_column width=\u00bb1\/4&#8243;][\/vc_column][\/vc_row][\/vc_section][vc_section][vc_row][vc_column][\/vc_column][\/vc_row][vc_row][vc_column width=\u00bb1\/2&#8243;][vc_column_text]El 2\u00b0 Congreso de la Sociedad Chilena de Psicolog\u00eda Comunitaria, es un encuentro que busca el di\u00e1logo entre diversos actores del mundo pol\u00edtico, social, [&hellip;]<\/p>\n","protected":false},"author":1,"featured_media":0,"parent":0,"menu_order":0,"comment_status":"closed","ping_status":"closed","template":"","meta":[],"_links":{"self":[{"href":"https:\/\/comunitariachile.org\/web\/wp-json\/wp\/v2\/pages\/709"}],"collection":[{"href":"https:\/\/comunitariachile.org\/web\/wp-json\/wp\/v2\/pages"}],"about":[{"href":"https:\/\/comunitariachile.org\/web\/wp-json\/wp\/v2\/types\/page"}],"author":[{"embeddable":true,"href":"https:\/\/comunitariachile.org\/web\/wp-json\/wp\/v2\/users\/1"}],"replies":[{"embeddable":true,"href":"https:\/\/comunitariachile.org\/web\/wp-json\/wp\/v2\/comments?post=709"}],"version-history":[{"count":145,"href":"https:\/\/comunitariachile.org\/web\/wp-json\/wp\/v2\/pages\/709\/revisions"}],"predecessor-version":[{"id":980,"href":"https:\/\/comunitariachile.org\/web\/wp-json\/wp\/v2\/pages\/709\/revisions\/980"}],"wp:attachment":[{"href":"https:\/\/comunitariachile.org\/web\/wp-json\/wp\/v2\/media?parent=709"}],"curies":[{"name":"wp","href":"https:\/\/api.w.org\/{rel}","templated":true}]}}